{"id":10121,"date":"2025-11-15T21:50:03","date_gmt":"2025-11-15T21:50:03","guid":{"rendered":"https:\/\/edcelulares.com.br\/?post_type=product&#038;p=10121"},"modified":"2025-11-18T22:39:53","modified_gmt":"2025-11-18T22:39:53","slug":"iphone-15-pro-256-gb-%e2%80%92-seminovo-vitrine-saude-da-bateria-85-100","status":"publish","type":"product","link":"https:\/\/edcelulares.com.br\/pt\/produto\/iphone-15-pro-256-gb-%e2%80%92-seminovo-vitrine-saude-da-bateria-85-100\/","title":{"rendered":"iPhone 15 Pro 256 GB \u2012 seminovo vitrine (sa\u00fade da bateria 85%-100%)"},"content":{"rendered":"<p data-start=\"410\" data-end=\"1328\">O iPhone 15 Pro 256 GB \u00e9 um aparelho seminovo de vitrine, original, testado e com garantia de funcionamento total, pronto para uso imediato.<br data-start=\"575\" data-end=\"578\" \/>A sa\u00fade da bateria est\u00e1 garantida entre <strong data-start=\"618\" data-end=\"632\">85% e 100%<\/strong>, conforme lote \u2014 ou seja, ao receber o aparelho ele poder\u00e1 estar em qualquer condi\u00e7\u00e3o dentro dessa faixa, entregando \u00f3tima autonomia.<br data-start=\"766\" data-end=\"769\" \/>Ele vem equipado com o chip <strong data-start=\"797\" data-end=\"814\">Apple A17 Pro<\/strong>, oferecendo desempenho elevado em aplicativos, fotografia e cargas de trabalho intensas. <span class=\"\" data-state=\"closed\"><span class=\"ms-1 inline-flex max-w-full items-center relative top-[-0.094rem] animate-[show_150ms_ease-in]\" data-testid=\"webpage-citation-pill\"><a class=\"flex h-4.5 overflow-hidden rounded-xl px-2 text-[9px] font-medium transition-colors duration-150 ease-in-out text-token-text-secondary! bg-[#F4F4F4]! dark:bg-[#303030]!\" href=\"https:\/\/www.apple.com\/br\/newsroom\/2023\/09\/apple-unveils-iphone-15-pro-and-iphone-15-pro-max\/?utm_source=chatgpt.com\" target=\"_blank\" rel=\"noopener\"><span class=\"relative start-0 bottom-0 flex h-full w-full items-center\"><span class=\"flex h-4 w-full items-center justify-between\"><span class=\"max-w-[15ch] grow truncate overflow-hidden text-center\">Apple<\/span><span class=\"-me-1 flex h-full items-center rounded-full px-1 text-[#8F8F8F]\">+2<\/span><\/span><span class=\"flex h-4 w-full items-center justify-between absolute\"><span class=\"max-w-[15ch] grow truncate overflow-hidden text-center\">Suporte Apple<\/span><span class=\"-me-1 flex h-full items-center rounded-full px-1 text-[#8F8F8F]\">+2<\/span><\/span><\/span><\/a><\/span><\/span><br data-start=\"941\" data-end=\"944\" \/>A tela Super Retina XDR OLED de <strong data-start=\"976\" data-end=\"984\">6,1\u2033<\/strong> proporciona uma experi\u00eancia n\u00edtida e fluida, com Dynamic Island, ProMotion de at\u00e9 120 Hz e display Sempre-Ligado. <span class=\"\" data-state=\"closed\"><span class=\"ms-1 inline-flex max-w-full items-center relative top-[-0.094rem] animate-[show_150ms_ease-in]\" data-testid=\"webpage-citation-pill\"><a class=\"flex h-4.5 overflow-hidden rounded-xl px-2 text-[9px] font-medium transition-colors duration-150 ease-in-out text-token-text-secondary! bg-[#F4F4F4]! dark:bg-[#303030]!\" href=\"https:\/\/support.apple.com\/pt-br\/111829?utm_source=chatgpt.com\" target=\"_blank\" rel=\"noopener\"><span class=\"relative start-0 bottom-0 flex h-full w-full items-center\"><span class=\"flex h-4 w-full items-center justify-between\"><span class=\"max-w-[15ch] grow truncate overflow-hidden text-center\">Suporte Apple<\/span><span class=\"-me-1 flex h-full items-center rounded-full px-1 text-[#8F8F8F]\">+1<\/span><\/span><\/span><\/a><\/span><\/span><br data-start=\"1136\" data-end=\"1139\" \/>Sua estrutura \u00e9 feita em tit\u00e2nio, combinando leveza, durabilidade e acabamento premium em vidro matte texturizado. <span class=\"\" data-state=\"closed\"><span class=\"ms-1 inline-flex max-w-full items-center relative top-[-0.094rem] animate-[show_150ms_ease-in]\" data-testid=\"webpage-citation-pill\"><a class=\"flex h-4.5 overflow-hidden rounded-xl px-2 text-[9px] font-medium transition-colors duration-150 ease-in-out text-token-text-secondary! bg-[#F4F4F4]! dark:bg-[#303030]!\" href=\"https:\/\/support.apple.com\/pt-pt\/111829?utm_source=chatgpt.com\" target=\"_blank\" rel=\"noopener\"><span class=\"relative start-0 bottom-0 flex h-full w-full items-center\"><span class=\"flex h-4 w-full items-center justify-between\"><span class=\"max-w-[15ch] grow truncate overflow-hidden text-center\">Suporte Apple<\/span><span class=\"-me-1 flex h-full items-center rounded-full px-1 text-[#8F8F8F]\">+1<\/span><\/span><\/span><\/a><\/span><\/span><br data-start=\"1291\" data-end=\"1294\" \/>O sistema de c\u00e2meras Pro inclui:<\/p>\n<ul data-start=\"1329\" data-end=\"1763\">\n<li data-start=\"1329\" data-end=\"1444\">\n<p data-start=\"1331\" data-end=\"1444\">Lente principal de <strong data-start=\"1350\" data-end=\"1359\">48 MP<\/strong> com estabiliza\u00e7\u00e3o por deslocamento do sensor <span class=\"\" data-state=\"closed\"><span class=\"ms-1 inline-flex max-w-full items-center relative top-[-0.094rem] animate-[show_150ms_ease-in]\" data-testid=\"webpage-citation-pill\"><a class=\"flex h-4.5 overflow-hidden rounded-xl px-2 text-[9px] font-medium transition-colors duration-150 ease-in-out text-token-text-secondary! bg-[#F4F4F4]! dark:bg-[#303030]!\" href=\"https:\/\/www.cuit.columbia.edu\/sites\/www.cuit.columbia.edu\/files\/content\/iPhone%2015%20Pro.pdf?utm_source=chatgpt.com\" target=\"_blank\" rel=\"noopener\"><span class=\"relative start-0 bottom-0 flex h-full w-full items-center\"><span class=\"flex h-4 w-full items-center justify-between overflow-hidden\"><span class=\"max-w-[15ch] grow truncate overflow-hidden text-center\">Cuit Columbia<\/span><\/span><\/span><\/a><\/span><\/span><\/p>\n<\/li>\n<li data-start=\"1445\" data-end=\"1527\">\n<p data-start=\"1447\" data-end=\"1527\">Lente telefoto de <strong data-start=\"1465\" data-end=\"1487\">77mm (3\u00d7) de 12 MP<\/strong> <span class=\"\" data-state=\"closed\"><span class=\"ms-1 inline-flex max-w-full items-center relative top-[-0.094rem] animate-[show_150ms_ease-in]\" data-testid=\"webpage-citation-pill\"><a class=\"flex h-4.5 overflow-hidden rounded-xl px-2 text-[9px] font-medium transition-colors duration-150 ease-in-out text-token-text-secondary! bg-[#F4F4F4]! dark:bg-[#303030]!\" href=\"https:\/\/www.cuit.columbia.edu\/sites\/www.cuit.columbia.edu\/files\/content\/iPhone%2015%20Pro.pdf?utm_source=chatgpt.com\" target=\"_blank\" rel=\"noopener\"><span class=\"relative start-0 bottom-0 flex h-full w-full items-center\"><span class=\"flex h-4 w-full items-center justify-between overflow-hidden\"><span class=\"max-w-[15ch] grow truncate overflow-hidden text-center\">Cuit Columbia<\/span><\/span><\/span><\/a><\/span><\/span><\/p>\n<\/li>\n<li data-start=\"1528\" data-end=\"1763\">\n<p data-start=\"1530\" data-end=\"1763\">Ultra-wide de <strong data-start=\"1544\" data-end=\"1553\">12 MP<\/strong> para capturas amplas <span class=\"\" data-state=\"closed\"><span class=\"ms-1 inline-flex max-w-full items-center relative top-[-0.094rem] animate-[show_150ms_ease-in]\" data-testid=\"webpage-citation-pill\"><a class=\"flex h-4.5 overflow-hidden rounded-xl px-2 text-[9px] font-medium transition-colors duration-150 ease-in-out text-token-text-secondary! bg-[#F4F4F4]! dark:bg-[#303030]!\" href=\"https:\/\/www.cuit.columbia.edu\/sites\/www.cuit.columbia.edu\/files\/content\/iPhone%2015%20Pro.pdf?utm_source=chatgpt.com\" target=\"_blank\" rel=\"noopener\"><span class=\"relative start-0 bottom-0 flex h-full w-full items-center\"><span class=\"flex h-4 w-full items-center justify-between overflow-hidden\"><span class=\"max-w-[15ch] grow truncate overflow-hidden text-center\">Cuit Columbia<\/span><\/span><\/span><\/a><\/span><\/span><br data-start=\"1612\" data-end=\"1615\" \/>Recursos avan\u00e7ados de fotografia e v\u00eddeo como Photonic Engine, Deep Fusion e grava\u00e7\u00e3o em 4K est\u00e3o presentes. <span class=\"\" data-state=\"closed\"><span class=\"ms-1 inline-flex max-w-full items-center relative top-[-0.094rem] animate-[show_150ms_ease-in]\" data-testid=\"webpage-citation-pill\"><a class=\"flex h-4.5 overflow-hidden rounded-xl px-2 text-[9px] font-medium transition-colors duration-150 ease-in-out text-token-text-secondary! bg-[#F4F4F4]! dark:bg-[#303030]!\" href=\"https:\/\/www.cuit.columbia.edu\/sites\/www.cuit.columbia.edu\/files\/content\/iPhone%2015%20Pro.pdf?utm_source=chatgpt.com\" target=\"_blank\" rel=\"noopener\"><span class=\"relative start-0 bottom-0 flex h-full w-full items-center\"><span class=\"flex h-4 w-full items-center justify-between\"><span class=\"max-w-[15ch] grow truncate overflow-hidden text-center\">Cuit Columbia<\/span><span class=\"-me-1 flex h-full items-center rounded-full px-1 text-[#8F8F8F]\">+1<\/span><\/span><\/span><\/a><\/span><\/span><\/p>\n<\/li>\n<\/ul>\n<p data-start=\"1765\" data-end=\"1989\">\u2705 Produto original e testado<br data-start=\"1793\" data-end=\"1796\" \/>\u2705 Sa\u00fade da bateria entre 85%-100%<br data-start=\"1829\" data-end=\"1832\" \/>\u2705 Garantia de funcionamento total<br data-start=\"1865\" data-end=\"1868\" \/>\u2705 Pronto para uso imediato<br data-start=\"1894\" data-end=\"1897\" \/>\u26a0\ufe0f Por se tratar de produto seminovo, pode <strong data-start=\"1940\" data-end=\"1989\">n\u00e3o acompanhar cabo, manual ou caixa original<\/strong><\/p>\n","protected":false},"excerpt":{"rendered":"<p>iPhone 15 Pro 256 GB seminovo de vitrine, original, com sa\u00fade de bateria entre 85%-100%. Dispon\u00edvel nas cores <strong data-start=\"2125\" data-end=\"2150\">azul, preto e natural<\/strong>. N\u00e3o acompanha cabo, manual ou caixa original.<\/p>","protected":false},"featured_media":10111,"comment_status":"open","ping_status":"closed","template":"","meta":{"_acf_changed":false,"om_disable_all_campaigns":false,"pagelayer_contact_templates":[],"_pagelayer_content":"","_monsterinsights_skip_tracking":false,"_monsterinsights_sitenote_active":false,"_monsterinsights_sitenote_note":"","_monsterinsights_sitenote_category":0},"product_brand":[236],"product_cat":[746],"product_tag":[461,261,472,653,258,448,659,466,635],"class_list":{"0":"post-10121","1":"product","2":"type-product","3":"status-publish","4":"has-post-thumbnail","6":"product_brand-iphone","7":"product_cat-celular-seminovo","8":"product_tag-256gb","9":"product_tag-apple","10":"product_tag-azul","11":"product_tag-bateria-85-100","12":"product_tag-iphone","13":"product_tag-iphone-15-pro","14":"product_tag-natural","15":"product_tag-preto","16":"product_tag-seminovo","18":"first","19":"instock","20":"sale","21":"taxable","22":"shipping-taxable","23":"purchasable","24":"product-type-variable"},"acf":{"sob_encomenda":false,"desconto_automatico":"100","desconto_ativo":false},"aioseo_notices":[],"_links":{"self":[{"href":"https:\/\/edcelulares.com.br\/pt\/wp-json\/wp\/v2\/product\/10121","targetHints":{"allow":["GET"]}}],"collection":[{"href":"https:\/\/edcelulares.com.br\/pt\/wp-json\/wp\/v2\/product"}],"about":[{"href":"https:\/\/edcelulares.com.br\/pt\/wp-json\/wp\/v2\/types\/product"}],"replies":[{"embeddable":true,"href":"https:\/\/edcelulares.com.br\/pt\/wp-json\/wp\/v2\/comments?post=10121"}],"wp:featuredmedia":[{"embeddable":true,"href":"https:\/\/edcelulares.com.br\/pt\/wp-json\/wp\/v2\/media\/10111"}],"wp:attachment":[{"href":"https:\/\/edcelulares.com.br\/pt\/wp-json\/wp\/v2\/media?parent=10121"}],"wp:term":[{"taxonomy":"product_brand","embeddable":true,"href":"https:\/\/edcelulares.com.br\/pt\/wp-json\/wp\/v2\/product_brand?post=10121"},{"taxonomy":"product_cat","embeddable":true,"href":"https:\/\/edcelulares.com.br\/pt\/wp-json\/wp\/v2\/product_cat?post=10121"},{"taxonomy":"product_tag","embeddable":true,"href":"https:\/\/edcelulares.com.br\/pt\/wp-json\/wp\/v2\/product_tag?post=10121"}],"curies":[{"name":"wp","href":"https:\/\/api.w.org\/{rel}","templated":true}]}}